{"id":141,"date":"2025-07-16T15:07:18","date_gmt":"2025-07-16T13:07:18","guid":{"rendered":"https:\/\/piaceleradieux.com\/?post_type=espace&#038;p=141"},"modified":"2025-07-23T14:31:53","modified_gmt":"2025-07-23T12:31:53","slug":"espace-bezard-le-corbusier","status":"publish","type":"espace","link":"https:\/\/piaceleradieux.com\/en\/espace\/espace-bezard-le-corbusier\/","title":{"rendered":"ESPACE B\u00c9ZARD-LE CORBUSIER"},"content":{"rendered":"<style>.kb-row-layout-id141_1ac86a-73 > .kt-row-column-wrap{align-content:start;}:where(.kb-row-layout-id141_1ac86a-73 > .kt-row-column-wrap) > .wp-block-kadence-column{justify-content:start;}.kb-row-layout-id141_1ac86a-73 > .kt-row-column-wrap{column-gap:var(--global-kb-gap-md, 2rem);row-gap:var(--global-kb-gap-md, 2rem);padding-top:var(--global-kb-spacing-sm, 1.5rem);padding-bottom:var(--global-kb-spacing-sm, 1.5rem);grid-template-columns:minmax(0, 1fr);}.kb-row-layout-id141_1ac86a-73 > .kt-row-layout-overlay{opacity:0.30;}@media all and (max-width: 1024px){.kb-row-layout-id141_1ac86a-73 > .kt-row-column-wrap{grid-template-columns:minmax(0, 1fr);}}@media all and (max-width: 767px){.kb-row-layout-id141_1ac86a-73 > .kt-row-column-wrap{grid-template-columns:minmax(0, 1fr);}}<\/style><div class=\"kb-row-layout-wrap kb-row-layout-id141_1ac86a-73 alignfull wp-block-kadence-rowlayout\"><div class=\"kt-row-column-wrap kt-has-1-columns kt-row-layout-equal kt-tab-layout-inherit kt-mobile-layout-row kt-row-valign-top\">\n<style>.kadence-column141_cb758b-db > .kt-inside-inner-col,.kadence-column141_cb758b-db > .kt-inside-inner-col:before{border-top-left-radius:0px;border-top-right-radius:0px;border-bottom-right-radius:0px;border-bottom-left-radius:0px;}.kadence-column141_cb758b-db > .kt-inside-inner-col{column-gap:var(--global-kb-gap-sm, 1rem);}.kadence-column141_cb758b-db > .kt-inside-inner-col{flex-direction:column;}.kadence-column141_cb758b-db > .kt-inside-inner-col > .aligncenter{width:100%;}.kadence-column141_cb758b-db > .kt-inside-inner-col:before{opacity:0.3;}.kadence-column141_cb758b-db{position:relative;}@media all and (max-width: 1024px){.kadence-column141_cb758b-db > .kt-inside-inner-col{flex-direction:column;justify-content:center;}}@media all and (max-width: 767px){.kadence-column141_cb758b-db > .kt-inside-inner-col{flex-direction:column;justify-content:center;}}<\/style>\n<div class=\"wp-block-kadence-column kadence-column141_cb758b-db\"><div class=\"kt-inside-inner-col\"><style>.kb-image141_64ab6b-38 .kb-image-has-overlay:after{opacity:0.3;}<\/style>\n<figure class=\"wp-block-kadence-image kb-image141_64ab6b-38 alignfull size-full kb-image-is-ratio-size\"><div class=\"kb-is-ratio-image kb-image-ratio-land169\"><img loading=\"lazy\" decoding=\"async\" width=\"1280\" height=\"914\" src=\"https:\/\/piaceleradieux.com\/wp-content\/uploads\/sites\/30\/2025\/07\/Esapce-bezrad-LC-ok.jpg\" alt=\"\" class=\"kb-img wp-image-1375\" srcset=\"https:\/\/piaceleradieux.com\/wp-content\/uploads\/sites\/30\/2025\/07\/Esapce-bezrad-LC-ok.jpg 1280w, https:\/\/piaceleradieux.com\/wp-content\/uploads\/sites\/30\/2025\/07\/Esapce-bezrad-LC-ok-300x214.jpg 300w, https:\/\/piaceleradieux.com\/wp-content\/uploads\/sites\/30\/2025\/07\/Esapce-bezrad-LC-ok-1024x731.jpg 1024w, https:\/\/piaceleradieux.com\/wp-content\/uploads\/sites\/30\/2025\/07\/Esapce-bezrad-LC-ok-768x548.jpg 768w, https:\/\/piaceleradieux.com\/wp-content\/uploads\/sites\/30\/2025\/07\/Esapce-bezrad-LC-ok-18x12.jpg 18w, https:\/\/piaceleradieux.com\/wp-content\/uploads\/sites\/30\/2025\/07\/Esapce-bezrad-LC-ok-600x428.jpg 600w\" sizes=\"auto, (max-width: 1280px) 100vw, 1280px\" \/><\/div><\/figure>\n<\/div><\/div>\n\n<\/div><\/div>\n\n<style>.kb-row-layout-id141_415058-58 > .kt-row-column-wrap{align-content:start;}:where(.kb-row-layout-id141_415058-58 > .kt-row-column-wrap) > .wp-block-kadence-column{justify-content:start;}.kb-row-layout-id141_415058-58 > .kt-row-column-wrap{column-gap:var(--global-kb-gap-md, 2rem);row-gap:var(--global-kb-gap-md, 2rem);padding-top:var(--global-kb-spacing-sm, 1.5rem);padding-bottom:var(--global-kb-spacing-sm, 1.5rem);}.kb-row-layout-id141_415058-58 > .kt-row-column-wrap > div:not(.added-for-specificity){grid-column:initial;}.kb-row-layout-id141_415058-58 > .kt-row-column-wrap{grid-template-columns:minmax(0, 1fr) minmax(0, 3fr) minmax(0, 1fr);}.kb-row-layout-id141_415058-58 > .kt-row-layout-overlay{opacity:0.30;}@media all and (max-width: 1024px){.kb-row-layout-id141_415058-58 > .kt-row-column-wrap > div:not(.added-for-specificity){grid-column:initial;}}@media all and (max-width: 1024px){.kb-row-layout-id141_415058-58 > .kt-row-column-wrap{grid-template-columns:minmax(0, 1fr) minmax(0, 3fr) minmax(0, 1fr);}}@media all and (max-width: 767px){.kb-row-layout-id141_415058-58 > .kt-row-column-wrap > div:not(.added-for-specificity){grid-column:initial;}.kb-row-layout-id141_415058-58 > .kt-row-column-wrap{grid-template-columns:minmax(0, 1fr);}}<\/style><div class=\"kb-row-layout-wrap kb-row-layout-id141_415058-58 alignnone wp-block-kadence-rowlayout\"><div class=\"kt-row-column-wrap kt-has-3-columns kt-row-layout-center-wide kt-tab-layout-inherit kt-mobile-layout-row kt-row-valign-top\">\n<style>.kadence-column141_190f16-b9 > .kt-inside-inner-col,.kadence-column141_190f16-b9 > .kt-inside-inner-col:before{border-top-left-radius:0px;border-top-right-radius:0px;border-bottom-right-radius:0px;border-bottom-left-radius:0px;}.kadence-column141_190f16-b9 > .kt-inside-inner-col{column-gap:var(--global-kb-gap-sm, 1rem);}.kadence-column141_190f16-b9 > .kt-inside-inner-col{flex-direction:column;}.kadence-column141_190f16-b9 > .kt-inside-inner-col > .aligncenter{width:100%;}.kadence-column141_190f16-b9 > .kt-inside-inner-col:before{opacity:0.3;}.kadence-column141_190f16-b9{position:relative;}@media all and (max-width: 1024px){.kadence-column141_190f16-b9 > .kt-inside-inner-col{flex-direction:column;justify-content:center;}}@media all and (max-width: 767px){.kadence-column141_190f16-b9 > .kt-inside-inner-col{flex-direction:column;justify-content:center;}}<\/style>\n<div class=\"wp-block-kadence-column kadence-column141_190f16-b9\"><div class=\"kt-inside-inner-col\"><\/div><\/div>\n\n\n<style>.kadence-column141_b19e66-5b > .kt-inside-inner-col,.kadence-column141_b19e66-5b > .kt-inside-inner-col:before{border-top-left-radius:0px;border-top-right-radius:0px;border-bottom-right-radius:0px;border-bottom-left-radius:0px;}.kadence-column141_b19e66-5b > .kt-inside-inner-col{column-gap:var(--global-kb-gap-sm, 1rem);}.kadence-column141_b19e66-5b > .kt-inside-inner-col{flex-direction:column;}.kadence-column141_b19e66-5b > .kt-inside-inner-col > .aligncenter{width:100%;}.kadence-column141_b19e66-5b > .kt-inside-inner-col:before{opacity:0.3;}.kadence-column141_b19e66-5b{position:relative;}@media all and (max-width: 1024px){.kadence-column141_b19e66-5b > .kt-inside-inner-col{flex-direction:column;justify-content:center;}}@media all and (max-width: 767px){.kadence-column141_b19e66-5b > .kt-inside-inner-col{flex-direction:column;justify-content:center;}}<\/style>\n<div class=\"wp-block-kadence-column kadence-column141_b19e66-5b\"><div class=\"kt-inside-inner-col\">\n<p>The Espace B\u00e9zard - Le Corbusier is dedicated to Norbert B\u00e9zard's and Le Corbusier's utopian project to develop the countryside in the 1930s.&nbsp;<\/p>\n\n\n\n<p>It houses a permanent exhibition entitled \"La Ferme radieuse et le village coop\u00e9ratif\" (The Radiant Farm and the Cooperative Village), which traces the unique history of this utopia through plans, models, archives and selected correspondence.<\/p>\n\n\n\n<p>Having never seen the light of day, the project was to be set up in Piac\u00e9 and then extended to the whole of the region. Norbert B\u00e9zard was the guiding principle, and Le Corbusier the architect.&nbsp;<br>The space also features ceramics, drawings and paintings by Norbert B\u00e9zard.<\/p>\n\n\n\n<p>It is part of the Destinations Le Corbusier : promenades architecturales itinerary, certified as a \"Cultural Itinerary of the Council of Europe\" in 2019 and comprising 21 towns, 6 countries and 24 of Le Corbusier's architectural sites.<\/p>\n\n\n\n<p>Set design elements: Ronan &amp; Erwan Bouroullec \/ Artistic contributions and archives: France Fiction, Christian Ragot, photographs by Lucien Herv\u00e9, Meuble Perriand<br><strong><br>Opening<\/strong><br>Saturdays &amp; Sundays 14:30-18:00 during temporary exhibitions.<br>And by appointment from April to October outside opening hours. Closed from November to March<\/p>\n\n\n<style>.wp-block-kadence-advancedbtn.kb-btns141_a51747-81{gap:var(--global-kb-gap-xs, 0.5rem );justify-content:center;align-items:center;}.kt-btns141_a51747-81 .kt-button{font-weight:normal;font-style:normal;}.kt-btns141_a51747-81 .kt-btn-wrap-0{margin-right:5px;}.wp-block-kadence-advancedbtn.kt-btns141_a51747-81 .kt-btn-wrap-0 .kt-button{color:#555555;border-color:#555555;}.wp-block-kadence-advancedbtn.kt-btns141_a51747-81 .kt-btn-wrap-0 .kt-button:hover, .wp-block-kadence-advancedbtn.kt-btns141_a51747-81 .kt-btn-wrap-0 .kt-button:focus{color:#ffffff;border-color:#444444;}.wp-block-kadence-advancedbtn.kt-btns141_a51747-81 .kt-btn-wrap-0 .kt-button::before{display:none;}.wp-block-kadence-advancedbtn.kt-btns141_a51747-81 .kt-btn-wrap-0 .kt-button:hover, .wp-block-kadence-advancedbtn.kt-btns141_a51747-81 .kt-btn-wrap-0 .kt-button:focus{background:#444444;}<\/style>\n<div class=\"wp-block-kadence-advancedbtn kb-buttons-wrap kb-btns141_a51747-81\"><style>ul.menu .wp-block-kadence-advancedbtn .kb-btn141_4338a3-0f.kb-button{width:initial;}<\/style><a class=\"kb-button kt-button button kb-btn141_4338a3-0f kt-btn-size-small kt-btn-width-type-auto kb-btn-global-inherit  kt-btn-has-text-true kt-btn-has-svg-false  wp-block-button__link wp-block-kadence-singlebtn\" href=\"https:\/\/piaceleradieux.com\/en\/la-ferme-radieuse-et-le-village-cooperatif\/\"><span class=\"kt-btn-inner-text\">Find out more<\/span><\/a><\/div>\n<\/div><\/div>\n\n\n<style>.kadence-column141_fe6c17-2e > .kt-inside-inner-col,.kadence-column141_fe6c17-2e > .kt-inside-inner-col:before{border-top-left-radius:0px;border-top-right-radius:0px;border-bottom-right-radius:0px;border-bottom-left-radius:0px;}.kadence-column141_fe6c17-2e > .kt-inside-inner-col{column-gap:var(--global-kb-gap-sm, 1rem);}.kadence-column141_fe6c17-2e > .kt-inside-inner-col{flex-direction:column;}.kadence-column141_fe6c17-2e > .kt-inside-inner-col > .aligncenter{width:100%;}.kadence-column141_fe6c17-2e > .kt-inside-inner-col:before{opacity:0.3;}.kadence-column141_fe6c17-2e{position:relative;}@media all and (max-width: 1024px){.kadence-column141_fe6c17-2e > .kt-inside-inner-col{flex-direction:column;justify-content:center;}}@media all and (max-width: 767px){.kadence-column141_fe6c17-2e > .kt-inside-inner-col{flex-direction:column;justify-content:center;}}<\/style>\n<div class=\"wp-block-kadence-column kadence-column141_fe6c17-2e\"><div class=\"kt-inside-inner-col\"><\/div><\/div>\n\n<\/div><\/div>\n\n<style>.kb-row-layout-id141_a569e3-1a > .kt-row-column-wrap{align-content:start;}:where(.kb-row-layout-id141_a569e3-1a > .kt-row-column-wrap) > .wp-block-kadence-column{justify-content:start;}.kb-row-layout-id141_a569e3-1a > .kt-row-column-wrap{column-gap:var(--global-kb-gap-md, 2rem);row-gap:var(--global-kb-gap-md, 2rem);padding-top:var(--global-kb-spacing-sm, 1.5rem);padding-bottom:var(--global-kb-spacing-sm, 1.5rem);grid-template-columns:minmax(0, 1fr);}.kb-row-layout-id141_a569e3-1a > .kt-row-layout-overlay{opacity:0.30;}@media all and (max-width: 1024px){.kb-row-layout-id141_a569e3-1a > .kt-row-column-wrap{grid-template-columns:minmax(0, 1fr);}}@media all and (max-width: 767px){.kb-row-layout-id141_a569e3-1a > .kt-row-column-wrap{grid-template-columns:minmax(0, 1fr);}}<\/style><div class=\"kb-row-layout-wrap kb-row-layout-id141_a569e3-1a alignnone wp-block-kadence-rowlayout\"><div class=\"kt-row-column-wrap kt-has-1-columns kt-row-layout-equal kt-tab-layout-inherit kt-mobile-layout-row kt-row-valign-top\">\n<style>.kadence-column141_6258e7-18 > .kt-inside-inner-col,.kadence-column141_6258e7-18 > .kt-inside-inner-col:before{border-top-left-radius:0px;border-top-right-radius:0px;border-bottom-right-radius:0px;border-bottom-left-radius:0px;}.kadence-column141_6258e7-18 > .kt-inside-inner-col{column-gap:var(--global-kb-gap-sm, 1rem);}.kadence-column141_6258e7-18 > .kt-inside-inner-col{flex-direction:column;}.kadence-column141_6258e7-18 > .kt-inside-inner-col > .aligncenter{width:100%;}.kadence-column141_6258e7-18 > .kt-inside-inner-col:before{opacity:0.3;}.kadence-column141_6258e7-18{position:relative;}@media all and (max-width: 1024px){.kadence-column141_6258e7-18 > .kt-inside-inner-col{flex-direction:column;justify-content:center;}}@media all and (max-width: 767px){.kadence-column141_6258e7-18 > .kt-inside-inner-col{flex-direction:column;justify-content:center;}}<\/style>\n<div class=\"wp-block-kadence-column kadence-column141_6258e7-18\"><div class=\"kt-inside-inner-col\"><style>.wp-block-kadence-advancedgallery .kb-gallery-type-grid.kb-gallery-id-141_1eb95d-24{margin:-5px;}.kb-gallery-type-grid.kb-gallery-id-141_1eb95d-24 .kadence-blocks-gallery-item{padding:5px;}.kb-gallery-id-141_1eb95d-24 .kadence-blocks-gallery-item .kb-gal-image-radius, .kb-gallery-id-141_1eb95d-24 .kb-slide-item .kb-gal-image-radius img{border-radius:0px 0px 0px 0px;;}<\/style><div class=\"kb-gallery-wrap-id-141_1eb95d-24 alignnone wp-block-kadence-advancedgallery\"><ul class=\"kb-gallery-ul kb-gallery-non-static kb-gallery-type-grid kb-gallery-id-141_1eb95d-24 kb-gallery-caption-style-bottom-hover kb-gallery-filter-none kb-gallery-magnific-init\" data-image-filter=\"none\" data-item-selector=\".kadence-blocks-gallery-item\" data-lightbox-caption=\"true\" data-columns-xxl=\"5\" data-columns-xl=\"5\" data-columns-md=\"5\" data-columns-sm=\"4\" data-columns-xs=\"4\" data-columns-ss=\"3\"><li class=\"kadence-blocks-gallery-item\"><div class=\"kadence-blocks-gallery-item-inner\"><figure class=\"kb-gallery-figure kb-gallery-item-has-link kadence-blocks-gallery-item-hide-caption\"><a href=\"https:\/\/piaceleradieux.com\/wp-content\/uploads\/sites\/30\/2025\/07\/espace-corbu.jpg\" class=\"kb-gallery-item-link\"   role=\"button\" aria-haspopup=\"dialog\"><div class=\"kb-gal-image-radius\"><div class=\"kb-gallery-image-contain kadence-blocks-gallery-intrinsic kb-gallery-image-ratio-square kb-has-image-ratio-square\" ><img loading=\"lazy\" decoding=\"async\" src=\"https:\/\/piaceleradieux.com\/wp-content\/uploads\/sites\/30\/2025\/07\/espace-corbu-1024x683.jpg\" width=\"1024\" height=\"683\" alt=\"\" data-full-image=\"https:\/\/piaceleradieux.com\/wp-content\/uploads\/sites\/30\/2025\/07\/espace-corbu.jpg\" data-light-image=\"https:\/\/piaceleradieux.com\/wp-content\/uploads\/sites\/30\/2025\/07\/espace-corbu.jpg\" data-id=\"1376\" class=\"wp-image-1376\" srcset=\"https:\/\/piaceleradieux.com\/wp-content\/uploads\/sites\/30\/2025\/07\/espace-corbu-1024x683.jpg 1024w, https:\/\/piaceleradieux.com\/wp-content\/uploads\/sites\/30\/2025\/07\/espace-corbu-300x200.jpg 300w, https:\/\/piaceleradieux.com\/wp-content\/uploads\/sites\/30\/2025\/07\/espace-corbu-768x512.jpg 768w, https:\/\/piaceleradieux.com\/wp-content\/uploads\/sites\/30\/2025\/07\/espace-corbu-1536x1024.jpg 1536w, https:\/\/piaceleradieux.com\/wp-content\/uploads\/sites\/30\/2025\/07\/espace-corbu-2048x1366.jpg 2048w, https:\/\/piaceleradieux.com\/wp-content\/uploads\/sites\/30\/2025\/07\/espace-corbu-18x12.jpg 18w, https:\/\/piaceleradieux.com\/wp-content\/uploads\/sites\/30\/2025\/07\/espace-corbu-600x400.jpg 600w\" sizes=\"auto, (max-width: 1024px) 100vw, 1024px\" \/><\/div><\/div><\/a><\/figure><\/div><\/li><li class=\"kadence-blocks-gallery-item\"><div class=\"kadence-blocks-gallery-item-inner\"><figure class=\"kb-gallery-figure kb-gallery-item-has-link kadence-blocks-gallery-item-hide-caption\"><a href=\"https:\/\/piaceleradieux.com\/wp-content\/uploads\/sites\/30\/2025\/07\/Espace-le-corbusier.jpg\" class=\"kb-gallery-item-link\"   role=\"button\" aria-haspopup=\"dialog\"><div class=\"kb-gal-image-radius\"><div class=\"kb-gallery-image-contain kadence-blocks-gallery-intrinsic kb-gallery-image-ratio-square kb-has-image-ratio-square\" ><img loading=\"lazy\" decoding=\"async\" src=\"https:\/\/piaceleradieux.com\/wp-content\/uploads\/sites\/30\/2025\/07\/Espace-le-corbusier-1024x683.jpg\" width=\"1024\" height=\"683\" alt=\"\" data-full-image=\"https:\/\/piaceleradieux.com\/wp-content\/uploads\/sites\/30\/2025\/07\/Espace-le-corbusier.jpg\" data-light-image=\"https:\/\/piaceleradieux.com\/wp-content\/uploads\/sites\/30\/2025\/07\/Espace-le-corbusier.jpg\" data-id=\"1421\" class=\"wp-image-1421\" srcset=\"https:\/\/piaceleradieux.com\/wp-content\/uploads\/sites\/30\/2025\/07\/Espace-le-corbusier-1024x683.jpg 1024w, https:\/\/piaceleradieux.com\/wp-content\/uploads\/sites\/30\/2025\/07\/Espace-le-corbusier-300x200.jpg 300w, https:\/\/piaceleradieux.com\/wp-content\/uploads\/sites\/30\/2025\/07\/Espace-le-corbusier-768x512.jpg 768w, https:\/\/piaceleradieux.com\/wp-content\/uploads\/sites\/30\/2025\/07\/Espace-le-corbusier-1536x1024.jpg 1536w, https:\/\/piaceleradieux.com\/wp-content\/uploads\/sites\/30\/2025\/07\/Espace-le-corbusier-18x12.jpg 18w, https:\/\/piaceleradieux.com\/wp-content\/uploads\/sites\/30\/2025\/07\/Espace-le-corbusier-600x400.jpg 600w, https:\/\/piaceleradieux.com\/wp-content\/uploads\/sites\/30\/2025\/07\/Espace-le-corbusier.jpg 1920w\" sizes=\"auto, (max-width: 1024px) 100vw, 1024px\" \/><\/div><\/div><\/a><\/figure><\/div><\/li><li class=\"kadence-blocks-gallery-item\"><div class=\"kadence-blocks-gallery-item-inner\"><figure class=\"kb-gallery-figure kb-gallery-item-has-link kadence-blocks-gallery-item-hide-caption\"><a href=\"https:\/\/piaceleradieux.com\/wp-content\/uploads\/sites\/30\/2025\/07\/espace-corbu-soir_web.jpg\" class=\"kb-gallery-item-link\"   role=\"button\" aria-haspopup=\"dialog\"><div class=\"kb-gal-image-radius\"><div class=\"kb-gallery-image-contain kadence-blocks-gallery-intrinsic kb-gallery-image-ratio-square kb-has-image-ratio-square\" ><img loading=\"lazy\" decoding=\"async\" src=\"https:\/\/piaceleradieux.com\/wp-content\/uploads\/sites\/30\/2025\/07\/espace-corbu-soir_web-1024x677.jpg\" width=\"1024\" height=\"677\" alt=\"\" data-full-image=\"https:\/\/piaceleradieux.com\/wp-content\/uploads\/sites\/30\/2025\/07\/espace-corbu-soir_web.jpg\" data-light-image=\"https:\/\/piaceleradieux.com\/wp-content\/uploads\/sites\/30\/2025\/07\/espace-corbu-soir_web.jpg\" data-id=\"1417\" class=\"wp-image-1417\" srcset=\"https:\/\/piaceleradieux.com\/wp-content\/uploads\/sites\/30\/2025\/07\/espace-corbu-soir_web-1024x677.jpg 1024w, https:\/\/piaceleradieux.com\/wp-content\/uploads\/sites\/30\/2025\/07\/espace-corbu-soir_web-300x198.jpg 300w, https:\/\/piaceleradieux.com\/wp-content\/uploads\/sites\/30\/2025\/07\/espace-corbu-soir_web-768x508.jpg 768w, https:\/\/piaceleradieux.com\/wp-content\/uploads\/sites\/30\/2025\/07\/espace-corbu-soir_web-1536x1016.jpg 1536w, https:\/\/piaceleradieux.com\/wp-content\/uploads\/sites\/30\/2025\/07\/espace-corbu-soir_web-18x12.jpg 18w, https:\/\/piaceleradieux.com\/wp-content\/uploads\/sites\/30\/2025\/07\/espace-corbu-soir_web-600x397.jpg 600w, https:\/\/piaceleradieux.com\/wp-content\/uploads\/sites\/30\/2025\/07\/espace-corbu-soir_web.jpg 1920w\" sizes=\"auto, (max-width: 1024px) 100vw, 1024px\" \/><\/div><\/div><\/a><\/figure><\/div><\/li><li class=\"kadence-blocks-gallery-item\"><div class=\"kadence-blocks-gallery-item-inner\"><figure class=\"kb-gallery-figure kb-gallery-item-has-link kadence-blocks-gallery-item-hide-caption\"><a href=\"https:\/\/piaceleradieux.com\/wp-content\/uploads\/sites\/30\/2025\/07\/02-Espace-Bezard-Le-Corbusier.jpg\" class=\"kb-gallery-item-link\"   role=\"button\" aria-haspopup=\"dialog\"><div class=\"kb-gal-image-radius\"><div class=\"kb-gallery-image-contain kadence-blocks-gallery-intrinsic kb-gallery-image-ratio-square kb-has-image-ratio-square\" ><img loading=\"lazy\" decoding=\"async\" src=\"https:\/\/piaceleradieux.com\/wp-content\/uploads\/sites\/30\/2025\/07\/02-Espace-Bezard-Le-Corbusier-1024x683.jpg\" width=\"1024\" height=\"683\" alt=\"\" data-full-image=\"https:\/\/piaceleradieux.com\/wp-content\/uploads\/sites\/30\/2025\/07\/02-Espace-Bezard-Le-Corbusier.jpg\" data-light-image=\"https:\/\/piaceleradieux.com\/wp-content\/uploads\/sites\/30\/2025\/07\/02-Espace-Bezard-Le-Corbusier.jpg\" data-id=\"1418\" class=\"wp-image-1418\" srcset=\"https:\/\/piaceleradieux.com\/wp-content\/uploads\/sites\/30\/2025\/07\/02-Espace-Bezard-Le-Corbusier-1024x683.jpg 1024w, https:\/\/piaceleradieux.com\/wp-content\/uploads\/sites\/30\/2025\/07\/02-Espace-Bezard-Le-Corbusier-300x200.jpg 300w, https:\/\/piaceleradieux.com\/wp-content\/uploads\/sites\/30\/2025\/07\/02-Espace-Bezard-Le-Corbusier-768x512.jpg 768w, https:\/\/piaceleradieux.com\/wp-content\/uploads\/sites\/30\/2025\/07\/02-Espace-Bezard-Le-Corbusier-1536x1024.jpg 1536w, https:\/\/piaceleradieux.com\/wp-content\/uploads\/sites\/30\/2025\/07\/02-Espace-Bezard-Le-Corbusier-18x12.jpg 18w, https:\/\/piaceleradieux.com\/wp-content\/uploads\/sites\/30\/2025\/07\/02-Espace-Bezard-Le-Corbusier-600x400.jpg 600w, https:\/\/piaceleradieux.com\/wp-content\/uploads\/sites\/30\/2025\/07\/02-Espace-Bezard-Le-Corbusier.jpg 1920w\" sizes=\"auto, (max-width: 1024px) 100vw, 1024px\" \/><\/div><\/div><\/a><\/figure><\/div><\/li><li class=\"kadence-blocks-gallery-item\"><div class=\"kadence-blocks-gallery-item-inner\"><figure class=\"kb-gallery-figure kb-gallery-item-has-link kadence-blocks-gallery-item-hide-caption\"><a href=\"https:\/\/piaceleradieux.com\/wp-content\/uploads\/sites\/30\/2025\/07\/1-Espace-Bezard-Le-Corbusier.jpeg\" class=\"kb-gallery-item-link\"   role=\"button\" aria-haspopup=\"dialog\"><div class=\"kb-gal-image-radius\"><div class=\"kb-gallery-image-contain kadence-blocks-gallery-intrinsic kb-gallery-image-ratio-square kb-has-image-ratio-square\" ><img loading=\"lazy\" decoding=\"async\" src=\"https:\/\/piaceleradieux.com\/wp-content\/uploads\/sites\/30\/2025\/07\/1-Espace-Bezard-Le-Corbusier-1024x689.jpeg\" width=\"1024\" height=\"689\" alt=\"\" data-full-image=\"https:\/\/piaceleradieux.com\/wp-content\/uploads\/sites\/30\/2025\/07\/1-Espace-Bezard-Le-Corbusier.jpeg\" data-light-image=\"https:\/\/piaceleradieux.com\/wp-content\/uploads\/sites\/30\/2025\/07\/1-Espace-Bezard-Le-Corbusier.jpeg\" data-id=\"1419\" class=\"wp-image-1419\" srcset=\"https:\/\/piaceleradieux.com\/wp-content\/uploads\/sites\/30\/2025\/07\/1-Espace-Bezard-Le-Corbusier-1024x689.jpeg 1024w, https:\/\/piaceleradieux.com\/wp-content\/uploads\/sites\/30\/2025\/07\/1-Espace-Bezard-Le-Corbusier-300x202.jpeg 300w, https:\/\/piaceleradieux.com\/wp-content\/uploads\/sites\/30\/2025\/07\/1-Espace-Bezard-Le-Corbusier-768x517.jpeg 768w, https:\/\/piaceleradieux.com\/wp-content\/uploads\/sites\/30\/2025\/07\/1-Espace-Bezard-Le-Corbusier-18x12.jpeg 18w, https:\/\/piaceleradieux.com\/wp-content\/uploads\/sites\/30\/2025\/07\/1-Espace-Bezard-Le-Corbusier-600x404.jpeg 600w, https:\/\/piaceleradieux.com\/wp-content\/uploads\/sites\/30\/2025\/07\/1-Espace-Bezard-Le-Corbusier.jpeg 1280w\" sizes=\"auto, (max-width: 1024px) 100vw, 1024px\" \/><\/div><\/div><\/a><\/figure><\/div><\/li><li class=\"kadence-blocks-gallery-item\"><div class=\"kadence-blocks-gallery-item-inner\"><figure class=\"kb-gallery-figure kb-gallery-item-has-link kadence-blocks-gallery-item-hide-caption\"><a href=\"https:\/\/piaceleradieux.com\/wp-content\/uploads\/sites\/30\/2025\/07\/ambiance-visite-guidee-espace-corbu-copie_web.jpg\" data-description=\"Vue de l&#039;espace B\u00e9zard - Le Corbusier \u00a9 Piac\u00e9 le radieux\" class=\"kb-gallery-item-link\"   role=\"button\" aria-haspopup=\"dialog\"><div class=\"kb-gal-image-radius\"><div class=\"kb-gallery-image-contain kadence-blocks-gallery-intrinsic kb-gallery-image-ratio-square kb-has-image-ratio-square\" ><img loading=\"lazy\" decoding=\"async\" src=\"https:\/\/piaceleradieux.com\/wp-content\/uploads\/sites\/30\/2025\/07\/ambiance-visite-guidee-espace-corbu-copie_web-1024x683.jpg\" width=\"1024\" height=\"683\" alt=\"\" data-full-image=\"https:\/\/piaceleradieux.com\/wp-content\/uploads\/sites\/30\/2025\/07\/ambiance-visite-guidee-espace-corbu-copie_web.jpg\" data-light-image=\"https:\/\/piaceleradieux.com\/wp-content\/uploads\/sites\/30\/2025\/07\/ambiance-visite-guidee-espace-corbu-copie_web.jpg\" data-id=\"1420\" class=\"wp-image-1420\" srcset=\"https:\/\/piaceleradieux.com\/wp-content\/uploads\/sites\/30\/2025\/07\/ambiance-visite-guidee-espace-corbu-copie_web-1024x683.jpg 1024w, https:\/\/piaceleradieux.com\/wp-content\/uploads\/sites\/30\/2025\/07\/ambiance-visite-guidee-espace-corbu-copie_web-300x200.jpg 300w, https:\/\/piaceleradieux.com\/wp-content\/uploads\/sites\/30\/2025\/07\/ambiance-visite-guidee-espace-corbu-copie_web-768x512.jpg 768w, https:\/\/piaceleradieux.com\/wp-content\/uploads\/sites\/30\/2025\/07\/ambiance-visite-guidee-espace-corbu-copie_web-1536x1024.jpg 1536w, https:\/\/piaceleradieux.com\/wp-content\/uploads\/sites\/30\/2025\/07\/ambiance-visite-guidee-espace-corbu-copie_web-18x12.jpg 18w, https:\/\/piaceleradieux.com\/wp-content\/uploads\/sites\/30\/2025\/07\/ambiance-visite-guidee-espace-corbu-copie_web-600x400.jpg 600w, https:\/\/piaceleradieux.com\/wp-content\/uploads\/sites\/30\/2025\/07\/ambiance-visite-guidee-espace-corbu-copie_web.jpg 1920w\" sizes=\"auto, (max-width: 1024px) 100vw, 1024px\" \/><\/div><\/div><\/a><\/figure><\/div><\/li><li class=\"kadence-blocks-gallery-item\"><div class=\"kadence-blocks-gallery-item-inner\"><figure class=\"kb-gallery-figure kb-gallery-item-has-link kadence-blocks-gallery-item-hide-caption\"><a href=\"https:\/\/piaceleradieux.com\/wp-content\/uploads\/sites\/30\/2025\/07\/01-Espace-Bezard-Le-Corbusier.jpg\" class=\"kb-gallery-item-link\"   role=\"button\" aria-haspopup=\"dialog\"><div class=\"kb-gal-image-radius\"><div class=\"kb-gallery-image-contain kadence-blocks-gallery-intrinsic kb-gallery-image-ratio-square kb-has-image-ratio-square\" ><img loading=\"lazy\" decoding=\"async\" src=\"https:\/\/piaceleradieux.com\/wp-content\/uploads\/sites\/30\/2025\/07\/01-Espace-Bezard-Le-Corbusier-670x1024.jpg\" width=\"670\" height=\"1024\" alt=\"\" data-full-image=\"https:\/\/piaceleradieux.com\/wp-content\/uploads\/sites\/30\/2025\/07\/01-Espace-Bezard-Le-Corbusier.jpg\" data-light-image=\"https:\/\/piaceleradieux.com\/wp-content\/uploads\/sites\/30\/2025\/07\/01-Espace-Bezard-Le-Corbusier.jpg\" data-id=\"1422\" class=\"wp-image-1422\" srcset=\"https:\/\/piaceleradieux.com\/wp-content\/uploads\/sites\/30\/2025\/07\/01-Espace-Bezard-Le-Corbusier-670x1024.jpg 670w, https:\/\/piaceleradieux.com\/wp-content\/uploads\/sites\/30\/2025\/07\/01-Espace-Bezard-Le-Corbusier-196x300.jpg 196w, https:\/\/piaceleradieux.com\/wp-content\/uploads\/sites\/30\/2025\/07\/01-Espace-Bezard-Le-Corbusier-768x1174.jpg 768w, https:\/\/piaceleradieux.com\/wp-content\/uploads\/sites\/30\/2025\/07\/01-Espace-Bezard-Le-Corbusier-1005x1536.jpg 1005w, https:\/\/piaceleradieux.com\/wp-content\/uploads\/sites\/30\/2025\/07\/01-Espace-Bezard-Le-Corbusier-1340x2048.jpg 1340w, https:\/\/piaceleradieux.com\/wp-content\/uploads\/sites\/30\/2025\/07\/01-Espace-Bezard-Le-Corbusier-8x12.jpg 8w, https:\/\/piaceleradieux.com\/wp-content\/uploads\/sites\/30\/2025\/07\/01-Espace-Bezard-Le-Corbusier-600x917.jpg 600w, https:\/\/piaceleradieux.com\/wp-content\/uploads\/sites\/30\/2025\/07\/01-Espace-Bezard-Le-Corbusier.jpg 1675w\" sizes=\"auto, (max-width: 670px) 100vw, 670px\" \/><\/div><\/div><\/a><\/figure><\/div><\/li><\/ul><\/div><\/div><\/div>\n\n<\/div><\/div>","protected":false},"excerpt":{"rendered":"<p>L\u2019Espace B\u00e9zard \u2013 Le Corbusier est d\u00e9di\u00e9 au projet utopique d\u2019am\u00e9nagement des campagnes imagin\u00e9 dans les ann\u00e9es 1930 par Norbert B\u00e9zard et Le Corbusier.&nbsp; Il accueille une exposition permanente \u00ab La Ferme radieuse et le village coop\u00e9ratif \u00bb qui \u00e0 travers plans, maquettes, archives, choix de correspondance etc. retracent l\u2019histoire singuli\u00e8re de cette utopie. N\u2019ayant&#8230;<\/p>","protected":false},"featured_media":0,"parent":0,"template":"","meta":{"_acf_changed":false,"_kad_blocks_custom_css":"","_kad_blocks_head_custom_js":"","_kad_blocks_body_custom_js":"","_kad_blocks_footer_custom_js":"","_kad_post_transparent":"","_kad_post_title":"","_kad_post_layout":"","_kad_post_sidebar_id":"","_kad_post_content_style":"","_kad_post_vertical_padding":"","_kad_post_feature":"","_kad_post_feature_position":"","_kad_post_header":false,"_kad_post_footer":false,"_kad_post_classname":"","footnotes":""},"class_list":["post-141","espace","type-espace","status-publish","hentry"],"acf":[],"taxonomy_info":[],"featured_image_src_large":false,"author_info":[],"comment_info":"","_links":{"self":[{"href":"https:\/\/piaceleradieux.com\/en\/wp-json\/wp\/v2\/espace\/141","targetHints":{"allow":["GET"]}}],"collection":[{"href":"https:\/\/piaceleradieux.com\/en\/wp-json\/wp\/v2\/espace"}],"about":[{"href":"https:\/\/piaceleradieux.com\/en\/wp-json\/wp\/v2\/types\/espace"}],"version-history":[{"count":3,"href":"https:\/\/piaceleradieux.com\/en\/wp-json\/wp\/v2\/espace\/141\/revisions"}],"predecessor-version":[{"id":1424,"href":"https:\/\/piaceleradieux.com\/en\/wp-json\/wp\/v2\/espace\/141\/revisions\/1424"}],"wp:attachment":[{"href":"https:\/\/piaceleradieux.com\/en\/wp-json\/wp\/v2\/media?parent=141"}],"curies":[{"name":"wp","href":"https:\/\/api.w.org\/{rel}","templated":true}]}}